{"id":834,"date":"2016-12-22T15:29:27","date_gmt":"2016-12-22T15:29:27","guid":{"rendered":"https:\/\/www.institut-myologie.org\/imotion\/?page_id=834"},"modified":"2021-06-17T12:23:31","modified_gmt":"2021-06-17T10:23:31","slug":"mentions-legales-2","status":"publish","type":"page","link":"https:\/\/www.institut-myologie.org\/imotion\/mentions-legales-2\/","title":{"rendered":"Mentions l\u00e9gales"},"content":{"rendered":"<p>Vous \u00eates actuellement connect\u00e9 au site <a href=\"http:\/\/www.institut-myologie.org\/imotion\">www.institut-myologie.org\/imotion<\/a> g\u00e9r\u00e9 par l\u2019Association Institut de Myologie.<\/p>\n<p>Association Institut de Myologie<br>47-83 boulevard de l\u2019H\u00f4pital<br>75651 Paris Cedex 13<br>FRANCE<\/p>\n<h2>Contenu \u00e9ditorial<\/h2>\n<p>Directeur de la publication&nbsp;:&nbsp;Vincent Varlet, Secr\u00e9taire g\u00e9n\u00e9ral<br>Responsable \u00e9ditorial web : Delphine Olivier, Responsable Communication<br>Chef de projet web : <a href=\"mailto:a.berthomier@institut-myologie.org\">Anne Berthomier<\/a><\/p>\n<h2>R\u00e9alisation web et h\u00e9bergement<\/h2>\n<p>Conception graphique, r\u00e9alisation technique et h\u00e9bergement : Bookmark<br>Syst\u00e8me de gestion de contenu : WordPress<\/p>\n<h2>Copyright des textes et des images<\/h2>\n<p>L\u2019utilisateur du site web de l\u2019institut I-Motion s\u2019engage \u00e0 respecter les r\u00e8gles de propri\u00e9t\u00e9 intellectuelle des divers contenus propos\u00e9s sur le site, c\u2019est-\u00e0-dire :<\/p>\n<ul>\n<li>\u00c0 ne pas reproduire, r\u00e9sumer, modifier, alt\u00e9rer ou rediffuser, sans autorisation pr\u00e9alable de l\u2019Association Institut de Myologie, quelque article, titre, applications, logiciels, logo, marque, information, illustration ou photographie pour un usage autre que strictement priv\u00e9, ce qui exclut toute reproduction \u00e0 des fins professionnelles ou de diffusion en nombre;<\/li>\n<li>\u00c0 ne pas recopier tout ou partie du site sur un autre site ou un r\u00e9seau interne d\u2019entreprise;<\/li>\n<li>\u00c0 ne pas cr\u00e9er de lien hypertexte entre un autre site et le pr\u00e9sent site sans accord pr\u00e9alable de l\u2019Association Institut de Myologie.<\/li>\n<\/ul>\n<h2>Cr\u00e9dits photos<\/h2>\n<p><a href=\"http:\/\/www.juliebourges.com\/\" target=\"_blank\" rel=\"noopener noreferrer\">Julie Bourges<\/a><\/p>\n<p><a href=\"http:\/\/www.christophehargoues.fr\/\" target=\"_blank\" rel=\"noopener noreferrer\">Christophe Hargoues<\/a><\/p>\n<p><a href=\"https:\/\/www.thomaslang.fr\/fr\" target=\"_blank\" rel=\"noopener\">Thomas Lang<\/a><\/p>\n<p><a href=\"https:\/\/fr.linkedin.com\/in\/jean-yves-seguy-b59a9a7b\" target=\"_blank\" rel=\"noopener\">Jean-Yves Seguy<\/a><\/p>\n<h2>Cr\u00e9dits fresque<\/h2>\n<p>Emmanuelle Reynaud, financ\u00e9e par l\u2019<a href=\"http:\/\/maindanslamain.asso.fr\/\" target=\"_blank\" rel=\"noopener noreferrer\">Association Main dans la Main et Solidaires<\/a><\/p>\n\n\n<p>Pour en savoir plus sur le traitement que nous faisons de vos donn\u00e9es personnelles et l\u2019exercice de vos droits sur les donn\u00e9es collect\u00e9es via le site, cliquez<a href=\"https:\/\/www.institut-myologie.org\/imotion\/nous-protegeons-et-respectons-vos-donnees-personnelles\/\" target=\"_blank\" rel=\"noreferrer noopener\"> ici<\/a>.<\/p>\n","protected":false},"excerpt":{"rendered":"<p>Vous \u00eates actuellement connect\u00e9 au site www.institut-myologie.org\/imotion g\u00e9r\u00e9 par l\u2019Association Institut de Myologie. Association Institut de Myologie47-83 boulevard de l\u2019H\u00f4pital75651 Paris Cedex 13FRANCE Contenu \u00e9ditorial Directeur de la publication&nbsp;:&nbsp;Vincent Varlet, Secr\u00e9taire g\u00e9n\u00e9ralResponsable \u00e9ditorial web : Delphine Olivier, Responsable CommunicationChef de projet web : Anne Berthomier R\u00e9alisation web et h\u00e9bergement Conception graphique, r\u00e9alisation technique et h\u00e9bergement &hellip; <a href=\"https:\/\/www.institut-myologie.org\/imotion\/mentions-legales-2\/\">Continued<\/a><\/p>\n","protected":false},"author":3,"featured_media":0,"parent":0,"menu_order":0,"comment_status":"closed","ping_status":"closed","template":"","meta":{"_acf_changed":false,"footnotes":""},"class_list":["post-834","page","type-page","status-publish","hentry"],"acf":[],"yoast_head":"<!-- This site is optimized with the Yoast SEO plugin v27.1.1 - https:\/\/yoast.com\/product\/yoast-seo-wordpress\/ -->\n<title>Mentions l\u00e9gales - I-Motion<\/title>\n<meta name=\"robots\" content=\"index, follow, max-snippet:-1, max-image-preview:large, max-video-preview:-1\" \/>\n<link rel=\"canonical\" href=\"https:\/\/www.institut-myologie.org\/imotion\/mentions-legales-2\/\" \/>\n<meta property=\"og:locale\" content=\"fr_FR\" \/>\n<meta property=\"og:type\" content=\"article\" \/>\n<meta property=\"og:title\" content=\"Mentions l\u00e9gales - I-Motion\" \/>\n<meta property=\"og:description\" content=\"Vous \u00eates actuellement connect\u00e9 au site www.institut-myologie.org\/imotion g\u00e9r\u00e9 par l\u2019Association Institut de Myologie. Association Institut de Myologie47-83 boulevard de l\u2019H\u00f4pital75651 Paris Cedex 13FRANCE Contenu \u00e9ditorial Directeur de la publication&nbsp;:&nbsp;Vincent Varlet, Secr\u00e9taire g\u00e9n\u00e9ralResponsable \u00e9ditorial web : Delphine Olivier, Responsable CommunicationChef de projet web : Anne Berthomier R\u00e9alisation web et h\u00e9bergement Conception graphique, r\u00e9alisation technique et h\u00e9bergement &hellip; Continued\" \/>\n<meta property=\"og:url\" content=\"https:\/\/www.institut-myologie.org\/imotion\/mentions-legales-2\/\" \/>\n<meta property=\"og:site_name\" content=\"I-Motion\" \/>\n<meta property=\"article:modified_time\" content=\"2021-06-17T10:23:31+00:00\" \/>\n<meta name=\"twitter:card\" content=\"summary_large_image\" \/>\n<meta name=\"twitter:label1\" content=\"Dur\u00e9e de lecture estim\u00e9e\" \/>\n\t<meta name=\"twitter:data1\" content=\"2 minutes\" \/>\n<script type=\"application\/ld+json\" class=\"yoast-schema-graph\">{\"@context\":\"https:\/\/schema.org\",\"@graph\":[{\"@type\":\"WebPage\",\"@id\":\"https:\/\/www.institut-myologie.org\/imotion\/mentions-legales-2\/\",\"url\":\"https:\/\/www.institut-myologie.org\/imotion\/mentions-legales-2\/\",\"name\":\"Mentions l\u00e9gales - I-Motion\",\"isPartOf\":{\"@id\":\"https:\/\/www.institut-myologie.org\/imotion\/#website\"},\"datePublished\":\"2016-12-22T15:29:27+00:00\",\"dateModified\":\"2021-06-17T10:23:31+00:00\",\"breadcrumb\":{\"@id\":\"https:\/\/www.institut-myologie.org\/imotion\/mentions-legales-2\/#breadcrumb\"},\"inLanguage\":\"fr-FR\",\"potentialAction\":[{\"@type\":\"ReadAction\",\"target\":[\"https:\/\/www.institut-myologie.org\/imotion\/mentions-legales-2\/\"]}]},{\"@type\":\"BreadcrumbList\",\"@id\":\"https:\/\/www.institut-myologie.org\/imotion\/mentions-legales-2\/#breadcrumb\",\"itemListElement\":[{\"@type\":\"ListItem\",\"position\":1,\"name\":\"Home\",\"item\":\"https:\/\/www.institut-myologie.org\/imotion\/\"},{\"@type\":\"ListItem\",\"position\":2,\"name\":\"Mentions l\u00e9gales\"}]},{\"@type\":\"WebSite\",\"@id\":\"https:\/\/www.institut-myologie.org\/imotion\/#website\",\"url\":\"https:\/\/www.institut-myologie.org\/imotion\/\",\"name\":\"I-Motion\",\"description\":\"Plateforme d&#039;essais cliniques p\u00e9diatriques pour les maladies neuromusculaires\",\"publisher\":{\"@id\":\"https:\/\/www.institut-myologie.org\/imotion\/#organization\"},\"potentialAction\":[{\"@type\":\"SearchAction\",\"target\":{\"@type\":\"EntryPoint\",\"urlTemplate\":\"https:\/\/www.institut-myologie.org\/imotion\/?s={search_term_string}\"},\"query-input\":{\"@type\":\"PropertyValueSpecification\",\"valueRequired\":true,\"valueName\":\"search_term_string\"}}],\"inLanguage\":\"fr-FR\"},{\"@type\":\"Organization\",\"@id\":\"https:\/\/www.institut-myologie.org\/imotion\/#organization\",\"name\":\"Institut I-Motion\",\"url\":\"https:\/\/www.institut-myologie.org\/imotion\/\",\"logo\":{\"@type\":\"ImageObject\",\"inLanguage\":\"fr-FR\",\"@id\":\"https:\/\/www.institut-myologie.org\/imotion\/#\/schema\/logo\/image\/\",\"url\":\"https:\/\/www.institut-myologie.org\/imotion\/wp-content\/uploads\/2016\/08\/logoImotion.png\",\"contentUrl\":\"https:\/\/www.institut-myologie.org\/imotion\/wp-content\/uploads\/2016\/08\/logoImotion.png\",\"width\":150,\"height\":51,\"caption\":\"Institut I-Motion\"},\"image\":{\"@id\":\"https:\/\/www.institut-myologie.org\/imotion\/#\/schema\/logo\/image\/\"}}]}<\/script>\n<!-- \/ Yoast SEO plugin. -->","yoast_head_json":{"title":"Mentions l\u00e9gales - I-Motion","robots":{"index":"index","follow":"follow","max-snippet":"max-snippet:-1","max-image-preview":"max-image-preview:large","max-video-preview":"max-video-preview:-1"},"canonical":"https:\/\/www.institut-myologie.org\/imotion\/mentions-legales-2\/","og_locale":"fr_FR","og_type":"article","og_title":"Mentions l\u00e9gales - I-Motion","og_description":"Vous \u00eates actuellement connect\u00e9 au site www.institut-myologie.org\/imotion g\u00e9r\u00e9 par l\u2019Association Institut de Myologie. Association Institut de Myologie47-83 boulevard de l\u2019H\u00f4pital75651 Paris Cedex 13FRANCE Contenu \u00e9ditorial Directeur de la publication&nbsp;:&nbsp;Vincent Varlet, Secr\u00e9taire g\u00e9n\u00e9ralResponsable \u00e9ditorial web : Delphine Olivier, Responsable CommunicationChef de projet web : Anne Berthomier R\u00e9alisation web et h\u00e9bergement Conception graphique, r\u00e9alisation technique et h\u00e9bergement &hellip; Continued","og_url":"https:\/\/www.institut-myologie.org\/imotion\/mentions-legales-2\/","og_site_name":"I-Motion","article_modified_time":"2021-06-17T10:23:31+00:00","twitter_card":"summary_large_image","twitter_misc":{"Dur\u00e9e de lecture estim\u00e9e":"2 minutes"},"schema":{"@context":"https:\/\/schema.org","@graph":[{"@type":"WebPage","@id":"https:\/\/www.institut-myologie.org\/imotion\/mentions-legales-2\/","url":"https:\/\/www.institut-myologie.org\/imotion\/mentions-legales-2\/","name":"Mentions l\u00e9gales - I-Motion","isPartOf":{"@id":"https:\/\/www.institut-myologie.org\/imotion\/#website"},"datePublished":"2016-12-22T15:29:27+00:00","dateModified":"2021-06-17T10:23:31+00:00","breadcrumb":{"@id":"https:\/\/www.institut-myologie.org\/imotion\/mentions-legales-2\/#breadcrumb"},"inLanguage":"fr-FR","potentialAction":[{"@type":"ReadAction","target":["https:\/\/www.institut-myologie.org\/imotion\/mentions-legales-2\/"]}]},{"@type":"BreadcrumbList","@id":"https:\/\/www.institut-myologie.org\/imotion\/mentions-legales-2\/#breadcrumb","itemListElement":[{"@type":"ListItem","position":1,"name":"Home","item":"https:\/\/www.institut-myologie.org\/imotion\/"},{"@type":"ListItem","position":2,"name":"Mentions l\u00e9gales"}]},{"@type":"WebSite","@id":"https:\/\/www.institut-myologie.org\/imotion\/#website","url":"https:\/\/www.institut-myologie.org\/imotion\/","name":"I-Motion","description":"Plateforme d&#039;essais cliniques p\u00e9diatriques pour les maladies neuromusculaires","publisher":{"@id":"https:\/\/www.institut-myologie.org\/imotion\/#organization"},"potentialAction":[{"@type":"SearchAction","target":{"@type":"EntryPoint","urlTemplate":"https:\/\/www.institut-myologie.org\/imotion\/?s={search_term_string}"},"query-input":{"@type":"PropertyValueSpecification","valueRequired":true,"valueName":"search_term_string"}}],"inLanguage":"fr-FR"},{"@type":"Organization","@id":"https:\/\/www.institut-myologie.org\/imotion\/#organization","name":"Institut I-Motion","url":"https:\/\/www.institut-myologie.org\/imotion\/","logo":{"@type":"ImageObject","inLanguage":"fr-FR","@id":"https:\/\/www.institut-myologie.org\/imotion\/#\/schema\/logo\/image\/","url":"https:\/\/www.institut-myologie.org\/imotion\/wp-content\/uploads\/2016\/08\/logoImotion.png","contentUrl":"https:\/\/www.institut-myologie.org\/imotion\/wp-content\/uploads\/2016\/08\/logoImotion.png","width":150,"height":51,"caption":"Institut I-Motion"},"image":{"@id":"https:\/\/www.institut-myologie.org\/imotion\/#\/schema\/logo\/image\/"}}]}},"_links":{"self":[{"href":"https:\/\/www.institut-myologie.org\/imotion\/wp-json\/wp\/v2\/pages\/834","targetHints":{"allow":["GET"]}}],"collection":[{"href":"https:\/\/www.institut-myologie.org\/imotion\/wp-json\/wp\/v2\/pages"}],"about":[{"href":"https:\/\/www.institut-myologie.org\/imotion\/wp-json\/wp\/v2\/types\/page"}],"author":[{"embeddable":true,"href":"https:\/\/www.institut-myologie.org\/imotion\/wp-json\/wp\/v2\/users\/3"}],"replies":[{"embeddable":true,"href":"https:\/\/www.institut-myologie.org\/imotion\/wp-json\/wp\/v2\/comments?post=834"}],"version-history":[{"count":14,"href":"https:\/\/www.institut-myologie.org\/imotion\/wp-json\/wp\/v2\/pages\/834\/revisions"}],"predecessor-version":[{"id":2315,"href":"https:\/\/www.institut-myologie.org\/imotion\/wp-json\/wp\/v2\/pages\/834\/revisions\/2315"}],"wp:attachment":[{"href":"https:\/\/www.institut-myologie.org\/imotion\/wp-json\/wp\/v2\/media?parent=834"}],"curies":[{"name":"wp","href":"https:\/\/api.w.org\/{rel}","templated":true}]}}