{"id":2302,"date":"2021-06-17T11:46:10","date_gmt":"2021-06-17T09:46:10","guid":{"rendered":"https:\/\/www.institut-myologie.org\/imotion\/?page_id=2302"},"modified":"2021-06-17T16:20:19","modified_gmt":"2021-06-17T14:20:19","slug":"nous-protegeons-et-respectons-vos-donnees-personnelles","status":"publish","type":"page","link":"https:\/\/www.institut-myologie.org\/imotion\/nous-protegeons-et-respectons-vos-donnees-personnelles\/","title":{"rendered":"Nous prot\u00e9geons et respectons vos donn\u00e9es personnelles"},"content":{"rendered":"\n<p>Vous \u00eates actuellement sur le site internet de l\u2019Institut I-Motion g\u00e9r\u00e9 par l\u2019Association Institut de Myologie (AIM)&nbsp; : <a href=\"http:\/\/www.institut-myologie.org\/imotion.\">www.institut-myologie.org\/imotion.<\/a> Lors de votre navigation nous collectons et utilisons certaines de vos donn\u00e9es personnelles : leur protection et leur s\u00e9curit\u00e9 sont au c\u0153ur de nos pr\u00e9occupations. Vous trouverez au sein de la pr\u00e9sente rubrique plus de d\u00e9tails sur le type de donn\u00e9es collect\u00e9es et sur la mani\u00e8re dont nous les traitons.<\/p>\n\n\n\n<h2 class=\"wp-block-heading\">1. L\u2019AIM et la protection des donn\u00e9es \u00e0 caract\u00e8re personnel <\/h2>\n\n\n\n<p>Le R\u00e8glement G\u00e9n\u00e9ral sur la Protection des Donn\u00e9es \u00e0 caract\u00e8re personnel 2016\/679 du Parlement europ\u00e9en et du Conseil du 27 avril 2016 (RGPD) et de la loi n\u00b078-17 du 6 janvier 1978 relative \u00e0 l\u2019informatique et aux libert\u00e9s, telle qu\u2019amend\u00e9e par la loi 2004-801 du 6 ao\u00fbt 2004 et par la loi n\u00b0 2018-493 du 20 juin 2018 relative \u00e0 la protection des donn\u00e9es personnelles (Loi Informatique et Libert\u00e9s), ont pour but de permettre aux personnes de mieux comprendre et contr\u00f4ler l\u2019usage qui est fait de leurs donn\u00e9es \u00e0 caract\u00e8re personnel. Pour y parvenir, ces lois renforcent vos droits et accroissent la responsabilit\u00e9 des personnes collectant vos donn\u00e9es.<\/p>\n\n\n\n<p>En qualit\u00e9 de responsable de traitement, l\u2019AIM s\u2019engage \u00e0 respecter les obligations requises par le RGPD et la Loi Informatique et Libert\u00e9.<\/p>\n\n\n\n<h2 class=\"wp-block-heading\">2. Le d\u00e9l\u00e9gu\u00e9 \u00e0 la protection des donn\u00e9es<\/h2>\n\n\n\n<p>Dans le but de respecter les r\u00e8gles relatives \u00e0 la protection des donn\u00e9es \u00e0 caract\u00e8re personnel, l\u2019AIM a d\u00e9sign\u00e9 un D\u00e9l\u00e9gu\u00e9 \u00e0 la Protection des Donn\u00e9es ou DPO (Data Protection Officer). Le r\u00f4le du DPO est d\u2019assurer la bonne mise en \u0153uvre du RGPD au sein de l\u2019Association. Il sert d\u2019interface entre la Commission Nationale de l\u2019Informatique et des Libert\u00e9s (CNIL) et l\u2019AIM, et est le point de contact dans le cadre des \u00e9ventuelles questions que vous pourriez avoir relativement aux traitements de vos donn\u00e9es personnelles.<\/p>\n\n\n\n<h2 class=\"wp-block-heading\">3. Pourquoi \u00eates-vous concern\u00e9s par cette politique ? <\/h2>\n\n\n\n<p>Parce que :<\/p>\n\n\n\n<ul class=\"wp-block-list\"><li>Vous visitez le site de l\u2019Institut I-Motion (<a href=\"http:\/\/www.institut-myologie.org\/imotion\">www.institut-myologie.org\/imotion<\/a>) ;<\/li><li>Vous avez contact\u00e9 l\u2019Institut I-Motion afin de prendre rendez-vous pour une consultation via notre adresse de contact&nbsp;: <a href=\"mailto:consultation-imotion@institut-myologie.org\">consultation-imotion@institut-myologie.org<\/a>&nbsp;<\/li><li>Vous souhaitez rejoindre les \u00e9quipe de l\u2019Institut I-Motion et vous nous avez contact\u00e9 via la rubrique \u00ab&nbsp; Recrutement&nbsp; \u00bb&nbsp;en envoyant un mail \u00e0 <a href=\"mailto:recrutement-aim@institut-myologie.org\">recrutement-aim@institut-myologie.org<\/a><\/li><\/ul>\n\n\n\n<p>En tout \u00e9tat de cause, , nous vous garantissons une information \u00e9clair\u00e9e (finalit\u00e9, droits, base juridique du traitement, type de donn\u00e9es concern\u00e9es\u2026) au moment de la collecte de vos donn\u00e9es.<\/p>\n\n\n\n<h2 class=\"wp-block-heading\">4. Quelles sont les donn\u00e9es personnelles collect\u00e9es ? Dans quel but le sont-elles ? <\/h2>\n\n\n\n<p>L\u2019AIM collecte les donn\u00e9es que vous fournissez&nbsp;:<\/p>\n\n\n\n<ul class=\"wp-block-list\"><li>Lors de votre prise de rendez-vous pour une consultation au sein de l\u2019Institut I-Motion<ul><li>Donn\u00e9es collect\u00e9es : Nom, pr\u00e9nom, adresse email, informations n\u00e9cessaires \u00e0 faire les d\u00e9marches administratives dans le cadre de votre prise de rendez-vous.<\/li><li>Finalit\u00e9 : Pour r\u00e9server un rendez-vous pour une consultation m\u00e9dicale.<\/li><li>Destinataire des donn\u00e9es&nbsp;: AIM et APHP (Administration de l\u2019h\u00f4pital Armand Trousseau)&nbsp;<\/li><\/ul><\/li><\/ul>\n\n\n\n<ul class=\"wp-block-list\"><li>Lors de votre envoi de candidatures :&nbsp;<ul><li>Donn\u00e9es collect\u00e9es : Nom, pr\u00e9nom, adresse email, CV et lettre de motivation.<\/li><li>Finalit\u00e9 : Pour \u00e9tudier l\u2019ad\u00e9quation de votre candidature au poste propos\u00e9 et au besoin vous orienter.<\/li><li>Destinataires des donn\u00e9es&nbsp;: Services RH de l\u2019AIM<\/li><\/ul><\/li><\/ul>\n\n\n\n<p>L\u2019AIM collecte \u00e9galement des donn\u00e9es personnelles telles que celles relatives \u00e0 votre navigation sur notre site. Ce sont des cookies. C\u2019est-\u00e0-dire une information d\u00e9pos\u00e9e sur votre terminal lorsque vous naviguez sur le site de l\u2019AIM. Seul l\u2019\u00e9metteur d\u2019un cookie peut lire ou modifier les informations qui y sont contenues.<\/p>\n\n\n\n<p>Pour plus d\u2019informations, vous pouvez consulter <a href=\"https:\/\/www.institut-myologie.org\/imotion\/la-politique-de-cookies\/\" target=\"_blank\" rel=\"noreferrer noopener\">notre politique de cookies<\/a>.<\/p>\n\n\n\n<h2 class=\"wp-block-heading\">5. \u00c0 qui vos donn\u00e9es sont-elles transmises&nbsp;?<\/h2>\n\n\n\n<ul class=\"wp-block-list\"><li><strong>Les autorit\u00e9s publiques ou tiers autoris\u00e9s<\/strong><br>Dans le cadre d\u2019une loi, d\u2019un r\u00e8glement, d\u2019une assignation ou d\u2019une ordonnance de tribunal, la divulgation de vos donn\u00e9es personnelles pourrait \u00eatre demand\u00e9e par un tiers autoris\u00e9. Dans ces cas pr\u00e9cis, nous nous assurerons que le demandeur comprend bien la nature confidentielle de vos donn\u00e9es et les traite avec le degr\u00e9 de pr\u00e9caution n\u00e9cessaire. Sachez qu\u2019un comportement illicite ou nuisible d\u2019un des utilisateurs du site de l\u2019AIM peut nous entrainer en qualit\u00e9 de responsable de traitement, \u00e0 coop\u00e9rer \u00e0 certaines enqu\u00eates visant ces visiteurs.<\/li><li><strong>Les membres du personnel des partenaires impliqu\u00e9s dans les activit\u00e9s de l\u2019Institut I-Motion<br><\/strong>Il peut s\u2019agir du personnel Sorbonne Universit\u00e9, AFM-T\u00e9l\u00e9thon et AP-HP, aux seules fins de r\u00e9pondre \u00e0 votre demande.<\/li><\/ul>\n\n\n\n<h2 class=\"wp-block-heading\">6. Quelle est la dur\u00e9e de conservation de vos donn\u00e9es ? <\/h2>\n\n\n\n<p>Lors du traitement de vos donn\u00e9es personnelles, l\u2019AIM s\u2019engage \u00e0 conserver ces donn\u00e9es uniquement pour la dur\u00e9e strictement n\u00e9cessaire \u00e0 l\u2019accomplissement de la finalit\u00e9 vis\u00e9e.<\/p>\n\n\n\n<p>Vos donn\u00e9es sont conserv\u00e9es jusqu\u2019\u00e0 :<\/p>\n\n\n\n<ul class=\"wp-block-list\"><li>24 mois : Pour les donn\u00e9es n\u00e9cessaires \u00e0 la gestion du site (cookies internes)<\/li><li>24 mois : Pour les donn\u00e9es fournies dans le cadre des candidatures<\/li><li>6 mois&nbsp;: Pour votre consentement ou refus des cookies<\/li><\/ul>\n\n\n\n<h2 class=\"wp-block-heading\">7. Comment pouvez-vous exercer vos droits ? <\/h2>\n\n\n\n<p>Le RGPD a renforc\u00e9 les droits des personnes concern\u00e9es afin de permettre une meilleure ma\u00eetrise de vos donn\u00e9es. Pour exercer vos droits, il vous suffit de vous rapprocher du DPO de l\u2019AIM.<\/p>\n\n\n\n<ul class=\"wp-block-list\"><li>Par mail : <a href=\"mailto:dpo@institut-myologie.org\">dpo@institut-myologie.org<\/a><\/li><li>Par courrier :<br>D\u00e9l\u00e9gu\u00e9 \u00e0 la Protection des donn\u00e9es<br>Association Institut de Myologie<br>47-83 boulevard de l\u2019H\u00f4pital<br>75651 Paris Cedex 13<\/li><\/ul>\n\n\n\n<p>Vous disposez des droits suivants&nbsp;:<\/p>\n\n\n\n<ul class=\"wp-block-list\"><li><em>Le droit d\u2019acc\u00e8s<br><\/em>Ce droit vous permet de prendre connaissance des donn\u00e9es trait\u00e9es vous concernant. Elles vous seront transmises dans un format compr\u00e9hensible.<\/li><li><em>Le droit de rectification<\/em><br>En cas de donn\u00e9es inexactes \u00e0 votre sujet, vous pouvez demander \u00e0 ce que celles-ci soient modifi\u00e9es et mises \u00e0 jour.<\/li><li><em>Le droit d\u2019opposition<\/em><br>Vous pouvez vous opposer au traitement de vos donn\u00e9es personnelles pour des raisons tenant \u00e0 votre situation particuli\u00e8re. Attention cela n\u2019entrainera pas la suppression de vos donn\u00e9es. Ce droit est notamment utilis\u00e9 dans le cadre d\u2019une opposition \u00e0 la prospection commerciale. Pour ce dernier vous n\u2019avez pas besoin de motif particulier. Dans les autres cas, votre demande devra \u00eatre motiv\u00e9e.<\/li><li><em>Le droit \u00e0 l\u2019effacement<\/em><br>Vous pouvez demander l\u2019effacement de vos donn\u00e9es dans les cas suivants&nbsp; :<\/li><\/ul>\n\n\n\n<p>a) Le traitement de vos donn\u00e9es n\u2019est plus n\u00e9cessaire au regard de la finalit\u00e9 pour laquelle elles ont \u00e9t\u00e9 collect\u00e9es&nbsp; ;<br>b) Vous d\u00e9cidez de retirer votre consentement (dans le cas o\u00f9 le traitement est fond\u00e9 sur celui-ci)&nbsp; ;<br>c) En cas d\u2019opposition au traitement, vous pouvez demander en plus la suppression de vos donn\u00e9es&nbsp; ;<br>d) Le traitement dont vous faites l\u2019objet est illicite&nbsp; ;<br>e) L\u2019effacement de vos donn\u00e9es rentre dans le cadre d\u2019une obligation l\u00e9gale&nbsp; ;<br>f) Les donn\u00e9es ont \u00e9t\u00e9 collect\u00e9es aupr\u00e8s de personnes mineures dans le cadre de l\u2019offre de service de la soci\u00e9t\u00e9 d\u2019information.<\/p>\n\n\n\n<ul class=\"wp-block-list\"><li><em>Le droit \u00e0 la portabilit\u00e9<\/em><br>Ce droit vous permet de r\u00e9utiliser vos donn\u00e9es pour un usage personnel. Il vous permet de demander la transmission de vos donn\u00e9es dans un format structur\u00e9, couramment utilis\u00e9 et lisible par une machine. Attention, ce droit n\u2019existe que si le traitement est fond\u00e9 sur votre consentement et s\u2019il est effectu\u00e9 de mani\u00e8re automatis\u00e9e.<\/li><li><em>Le droit \u00e0 la limitation<\/em><br>Ce droit vous permet de geler l\u2019utilisation de vos donn\u00e9es dans les cas suivants :<\/li><\/ul>\n\n\n\n<p>a) L\u2019exactitude des donn\u00e9es \u00e0 caract\u00e8re personnel est contest\u00e9e,<br>b) Le traitement est illicite,<br>c) L\u2019AIM n\u2019a plus besoin de vos donn\u00e9es \u00e0 caract\u00e8re personnel mais elles sont encore n\u00e9cessaires \u00e0 la constatation, l\u2019exercice ou la d\u00e9fense d\u2019un droit en justice.<\/p>\n\n\n\n<p><strong><em>A noter : Les droits \u00e0 l\u2019effacement et \u00e0 la portabilit\u00e9 sont limit\u00e9s voire exclus, dans le cadre de la recherche scientifique.<\/em><\/strong><\/p>\n\n\n\n<figure class=\"wp-block-table\"><table><tbody><tr><td><em>En cas de difficult\u00e9 \u00e0 exercer vos droits aupr\u00e8s du DPO de l\u2019AIM, vous pouvez introduire une r\u00e9clamation aupr\u00e8s de la <a href=\"https:\/\/www.cnil.fr\/\" target=\"_blank\" rel=\"noreferrer noopener\">Commission Nationale de l\u2019Informatique et des Libert\u00e9s<\/a> (CNIL).<\/em><\/td><\/tr><\/tbody><\/table><\/figure>\n\n\n\n<h2 class=\"wp-block-heading\">8. Transfert de donn\u00e9es hors Union Europ\u00e9enne (UE)<\/h2>\n\n\n\n<p>Il est pr\u00e9cis\u00e9 que dans le cadre de la collecte de vos donn\u00e9es pour&nbsp; vos candidatures et de vos prises de rendez-vous en consultation, aucun transfert en dehors de l\u2019Union europ\u00e9enne n\u2019est effectu\u00e9 pour le moment.<\/p>\n\n\n\n<p>Dans le cas o\u00f9 vos donn\u00e9es seraient transf\u00e9r\u00e9es hors de l\u2019Union Europ\u00e9enne, l\u2019AIM mettra en \u0153uvre toutes les mesures appropri\u00e9es afin de garantir \u00e0 vos donn\u00e9es un niveau de protection \u00e9quivalent \u00e0 celui de l\u2019Union Europ\u00e9enne.<\/p>\n\n\n\n<p>En cas de questions relatives aux transferts de donn\u00e9es hors UE, vous pouvez vous rapprocher du DPO de l\u2019AIM (<a href=\"mailto:dpo@institut-myologie.org\">dpo@institut-myologie.org<\/a>).<\/p>\n\n\n\n<h2 class=\"wp-block-heading\">9. S\u00e9curit\u00e9 de vos donn\u00e9es <\/h2>\n\n\n\n<p>En tant que responsable de traitement, l\u2019AIM assure un niveau de s\u00e9curit\u00e9 \u00e9lev\u00e9 de vos donn\u00e9es au travers de mesures structurelles, organisationnelles et techniques.<\/p>\n\n\n\n<h2 class=\"wp-block-heading\">10. Liens externes <\/h2>\n\n\n\n<p>Le site <a href=\"https:\/\/www.institut-myologie.org\/imotion\/\">www.institut-myologie.org\/imotion<\/a> contient des liens vers des sites ext\u00e9rieurs poss\u00e9dant leur propre politique de gestion des donn\u00e9es \u00e0 caract\u00e8re personnel. Par cons\u00e9quent, l\u2019AIM ne peut \u00eatre tenue responsable de leur contenu et de leur pratique en mati\u00e8re de protection des donn\u00e9es personnelles. Nous vous conseillons de prendre connaissance de la politique de confidentialit\u00e9 et de protection de donn\u00e9es personnelles des sites tiers en question.<\/p>\n\n\n\n<figure class=\"wp-block-table\"><table><tbody><tr><td><em>La pr\u00e9sente rubrique ne s\u2019applique que pour les donn\u00e9es collect\u00e9es sur le site de l\u2019AIM : <a href=\"http:\/\/www.institut-myologie.org\"><\/a><a href=\"https:\/\/www.institut-myologie.org\/imotion\/\">www.institut-myologie.org\/imotion<\/a> et dans le seul cadre des activit\u00e9s de l\u2019Institut I-Motion.<\/em><\/td><\/tr><\/tbody><\/table><\/figure>\n\n\n\n<h2 class=\"wp-block-heading\">11. Mise \u00e0 jour <\/h2>\n\n\n\n<p>L\u2019AIM se r\u00e9serve le droit de mettre \u00e0 jour la pr\u00e9sente page relative \u00e0 la protection de vos donn\u00e9es personnelles \u00e0 tout moment en cas de modifications de la loi et\/ou de nos pratiques en la mati\u00e8re.<br>N\u2019h\u00e9sitez pas consulter r\u00e9guli\u00e8rement cette page.<\/p>\n\n\n\n<p><em>Derni\u00e8re modification&nbsp;: le <\/em><em>11\/06\/2021<\/em><\/p>\n\n\n\n<h2 class=\"wp-block-heading\">12. Lexique RGPD&nbsp;<\/h2>\n\n\n\n<p><strong><em>Responsable de traitement :<\/em><\/strong><br>La personne physique ou morale qui d\u00e9termine les finalit\u00e9s et les moyens du traitement.<\/p>\n\n\n\n<p><strong><em>Sous-traitant :<\/em><\/strong><br>La personne physique ou morale qui traite des donn\u00e9es \u00e0 caract\u00e8re personnel pour le compte du responsable du traitement.<\/p>\n\n\n\n<p><strong><em>Traitement de donn\u00e9es :<\/em><\/strong><br><em>Exemples<\/em> : la collecte, l\u2019enregistrement, l\u2019organisation, la structuration, la conservation, la modification, l\u2019extraction, la consultation\u2026<\/p>\n\n\n\n<p><strong><em>Donn\u00e9es \u00e0 caract\u00e8re personnel ou donn\u00e9es personnelles :<\/em><\/strong><br>Toute information se rapportant \u00e0 une personne physique identifi\u00e9e ou identifiable.<br><em>Exemples<\/em> : identifiant, nom, num\u00e9ro d\u2019identification, donn\u00e9es de localisation, identifiant en ligne, un ou plusieurs \u00e9l\u00e9ments sp\u00e9cifiques.<\/p>\n\n\n\n<p><strong><em>Les donn\u00e9es de sant\u00e9 :<\/em><\/strong><br>Les donn\u00e9es \u00e0 caract\u00e8re personnel relatives \u00e0 la sant\u00e9 physique ou mentale d\u2019une personne physique, y compris la prestation de services de soins de sant\u00e9, qui r\u00e9v\u00e8lent des informations sur l\u2019\u00e9tat de sant\u00e9 de cette personne.<\/p>\n\n\n\n<p><em>Pour rappel vous pourrez retrouver toutes ces d\u00e9finitions \u00e0 l\u2019article 4 du R\u00e8glement G\u00e9n\u00e9ral sur la Protection des Donn\u00e9es \u00e0 caract\u00e8re personnel.<\/em><\/p>\n","protected":false},"excerpt":{"rendered":"<p>Vous \u00eates actuellement sur le site internet de l\u2019Institut I-Motion g\u00e9r\u00e9 par l\u2019Association Institut de Myologie (AIM)&nbsp; : www.institut-myologie.org\/imotion. Lors de votre navigation nous collectons et utilisons certaines de vos donn\u00e9es personnelles : leur protection et leur s\u00e9curit\u00e9 sont au c\u0153ur de nos pr\u00e9occupations. Vous trouverez au sein de la pr\u00e9sente rubrique plus de d\u00e9tails &hellip; <a href=\"https:\/\/www.institut-myologie.org\/imotion\/nous-protegeons-et-respectons-vos-donnees-personnelles\/\">Continued<\/a><\/p>\n","protected":false},"author":3,"featured_media":0,"parent":0,"menu_order":0,"comment_status":"closed","ping_status":"closed","template":"","meta":{"_acf_changed":false,"footnotes":""},"class_list":["post-2302","page","type-page","status-publish","hentry"],"acf":[],"yoast_head":"<!-- This site is optimized with the Yoast SEO plugin v27.1.1 - https:\/\/yoast.com\/product\/yoast-seo-wordpress\/ -->\n<title>Nous prot\u00e9geons et respectons vos donn\u00e9es personnelles - I-Motion<\/title>\n<meta name=\"robots\" content=\"index, follow, max-snippet:-1, max-image-preview:large, max-video-preview:-1\" \/>\n<link rel=\"canonical\" href=\"https:\/\/www.institut-myologie.org\/imotion\/nous-protegeons-et-respectons-vos-donnees-personnelles\/\" \/>\n<meta property=\"og:locale\" content=\"fr_FR\" \/>\n<meta property=\"og:type\" content=\"article\" \/>\n<meta property=\"og:title\" content=\"Nous prot\u00e9geons et respectons vos donn\u00e9es personnelles - I-Motion\" \/>\n<meta property=\"og:description\" content=\"Vous \u00eates actuellement sur le site internet de l\u2019Institut I-Motion g\u00e9r\u00e9 par l\u2019Association Institut de Myologie (AIM)&nbsp; : www.institut-myologie.org\/imotion. Lors de votre navigation nous collectons et utilisons certaines de vos donn\u00e9es personnelles : leur protection et leur s\u00e9curit\u00e9 sont au c\u0153ur de nos pr\u00e9occupations. Vous trouverez au sein de la pr\u00e9sente rubrique plus de d\u00e9tails &hellip; Continued\" \/>\n<meta property=\"og:url\" content=\"https:\/\/www.institut-myologie.org\/imotion\/nous-protegeons-et-respectons-vos-donnees-personnelles\/\" \/>\n<meta property=\"og:site_name\" content=\"I-Motion\" \/>\n<meta property=\"article:modified_time\" content=\"2021-06-17T14:20:19+00:00\" \/>\n<meta name=\"twitter:card\" content=\"summary_large_image\" \/>\n<meta name=\"twitter:label1\" content=\"Dur\u00e9e de lecture estim\u00e9e\" \/>\n\t<meta name=\"twitter:data1\" content=\"8 minutes\" \/>\n<script type=\"application\/ld+json\" class=\"yoast-schema-graph\">{\"@context\":\"https:\/\/schema.org\",\"@graph\":[{\"@type\":\"WebPage\",\"@id\":\"https:\/\/www.institut-myologie.org\/imotion\/nous-protegeons-et-respectons-vos-donnees-personnelles\/\",\"url\":\"https:\/\/www.institut-myologie.org\/imotion\/nous-protegeons-et-respectons-vos-donnees-personnelles\/\",\"name\":\"Nous prot\u00e9geons et respectons vos donn\u00e9es personnelles - I-Motion\",\"isPartOf\":{\"@id\":\"https:\/\/www.institut-myologie.org\/imotion\/#website\"},\"datePublished\":\"2021-06-17T09:46:10+00:00\",\"dateModified\":\"2021-06-17T14:20:19+00:00\",\"breadcrumb\":{\"@id\":\"https:\/\/www.institut-myologie.org\/imotion\/nous-protegeons-et-respectons-vos-donnees-personnelles\/#breadcrumb\"},\"inLanguage\":\"fr-FR\",\"potentialAction\":[{\"@type\":\"ReadAction\",\"target\":[\"https:\/\/www.institut-myologie.org\/imotion\/nous-protegeons-et-respectons-vos-donnees-personnelles\/\"]}]},{\"@type\":\"BreadcrumbList\",\"@id\":\"https:\/\/www.institut-myologie.org\/imotion\/nous-protegeons-et-respectons-vos-donnees-personnelles\/#breadcrumb\",\"itemListElement\":[{\"@type\":\"ListItem\",\"position\":1,\"name\":\"Home\",\"item\":\"https:\/\/www.institut-myologie.org\/imotion\/\"},{\"@type\":\"ListItem\",\"position\":2,\"name\":\"Nous prot\u00e9geons et respectons vos donn\u00e9es personnelles\"}]},{\"@type\":\"WebSite\",\"@id\":\"https:\/\/www.institut-myologie.org\/imotion\/#website\",\"url\":\"https:\/\/www.institut-myologie.org\/imotion\/\",\"name\":\"I-Motion\",\"description\":\"Plateforme d&#039;essais cliniques p\u00e9diatriques pour les maladies neuromusculaires\",\"publisher\":{\"@id\":\"https:\/\/www.institut-myologie.org\/imotion\/#organization\"},\"potentialAction\":[{\"@type\":\"SearchAction\",\"target\":{\"@type\":\"EntryPoint\",\"urlTemplate\":\"https:\/\/www.institut-myologie.org\/imotion\/?s={search_term_string}\"},\"query-input\":{\"@type\":\"PropertyValueSpecification\",\"valueRequired\":true,\"valueName\":\"search_term_string\"}}],\"inLanguage\":\"fr-FR\"},{\"@type\":\"Organization\",\"@id\":\"https:\/\/www.institut-myologie.org\/imotion\/#organization\",\"name\":\"Institut I-Motion\",\"url\":\"https:\/\/www.institut-myologie.org\/imotion\/\",\"logo\":{\"@type\":\"ImageObject\",\"inLanguage\":\"fr-FR\",\"@id\":\"https:\/\/www.institut-myologie.org\/imotion\/#\/schema\/logo\/image\/\",\"url\":\"https:\/\/www.institut-myologie.org\/imotion\/wp-content\/uploads\/2016\/08\/logoImotion.png\",\"contentUrl\":\"https:\/\/www.institut-myologie.org\/imotion\/wp-content\/uploads\/2016\/08\/logoImotion.png\",\"width\":150,\"height\":51,\"caption\":\"Institut I-Motion\"},\"image\":{\"@id\":\"https:\/\/www.institut-myologie.org\/imotion\/#\/schema\/logo\/image\/\"}}]}<\/script>\n<!-- \/ Yoast SEO plugin. -->","yoast_head_json":{"title":"Nous prot\u00e9geons et respectons vos donn\u00e9es personnelles - I-Motion","robots":{"index":"index","follow":"follow","max-snippet":"max-snippet:-1","max-image-preview":"max-image-preview:large","max-video-preview":"max-video-preview:-1"},"canonical":"https:\/\/www.institut-myologie.org\/imotion\/nous-protegeons-et-respectons-vos-donnees-personnelles\/","og_locale":"fr_FR","og_type":"article","og_title":"Nous prot\u00e9geons et respectons vos donn\u00e9es personnelles - I-Motion","og_description":"Vous \u00eates actuellement sur le site internet de l\u2019Institut I-Motion g\u00e9r\u00e9 par l\u2019Association Institut de Myologie (AIM)&nbsp; : www.institut-myologie.org\/imotion. Lors de votre navigation nous collectons et utilisons certaines de vos donn\u00e9es personnelles : leur protection et leur s\u00e9curit\u00e9 sont au c\u0153ur de nos pr\u00e9occupations. Vous trouverez au sein de la pr\u00e9sente rubrique plus de d\u00e9tails &hellip; Continued","og_url":"https:\/\/www.institut-myologie.org\/imotion\/nous-protegeons-et-respectons-vos-donnees-personnelles\/","og_site_name":"I-Motion","article_modified_time":"2021-06-17T14:20:19+00:00","twitter_card":"summary_large_image","twitter_misc":{"Dur\u00e9e de lecture estim\u00e9e":"8 minutes"},"schema":{"@context":"https:\/\/schema.org","@graph":[{"@type":"WebPage","@id":"https:\/\/www.institut-myologie.org\/imotion\/nous-protegeons-et-respectons-vos-donnees-personnelles\/","url":"https:\/\/www.institut-myologie.org\/imotion\/nous-protegeons-et-respectons-vos-donnees-personnelles\/","name":"Nous prot\u00e9geons et respectons vos donn\u00e9es personnelles - I-Motion","isPartOf":{"@id":"https:\/\/www.institut-myologie.org\/imotion\/#website"},"datePublished":"2021-06-17T09:46:10+00:00","dateModified":"2021-06-17T14:20:19+00:00","breadcrumb":{"@id":"https:\/\/www.institut-myologie.org\/imotion\/nous-protegeons-et-respectons-vos-donnees-personnelles\/#breadcrumb"},"inLanguage":"fr-FR","potentialAction":[{"@type":"ReadAction","target":["https:\/\/www.institut-myologie.org\/imotion\/nous-protegeons-et-respectons-vos-donnees-personnelles\/"]}]},{"@type":"BreadcrumbList","@id":"https:\/\/www.institut-myologie.org\/imotion\/nous-protegeons-et-respectons-vos-donnees-personnelles\/#breadcrumb","itemListElement":[{"@type":"ListItem","position":1,"name":"Home","item":"https:\/\/www.institut-myologie.org\/imotion\/"},{"@type":"ListItem","position":2,"name":"Nous prot\u00e9geons et respectons vos donn\u00e9es personnelles"}]},{"@type":"WebSite","@id":"https:\/\/www.institut-myologie.org\/imotion\/#website","url":"https:\/\/www.institut-myologie.org\/imotion\/","name":"I-Motion","description":"Plateforme d&#039;essais cliniques p\u00e9diatriques pour les maladies neuromusculaires","publisher":{"@id":"https:\/\/www.institut-myologie.org\/imotion\/#organization"},"potentialAction":[{"@type":"SearchAction","target":{"@type":"EntryPoint","urlTemplate":"https:\/\/www.institut-myologie.org\/imotion\/?s={search_term_string}"},"query-input":{"@type":"PropertyValueSpecification","valueRequired":true,"valueName":"search_term_string"}}],"inLanguage":"fr-FR"},{"@type":"Organization","@id":"https:\/\/www.institut-myologie.org\/imotion\/#organization","name":"Institut I-Motion","url":"https:\/\/www.institut-myologie.org\/imotion\/","logo":{"@type":"ImageObject","inLanguage":"fr-FR","@id":"https:\/\/www.institut-myologie.org\/imotion\/#\/schema\/logo\/image\/","url":"https:\/\/www.institut-myologie.org\/imotion\/wp-content\/uploads\/2016\/08\/logoImotion.png","contentUrl":"https:\/\/www.institut-myologie.org\/imotion\/wp-content\/uploads\/2016\/08\/logoImotion.png","width":150,"height":51,"caption":"Institut I-Motion"},"image":{"@id":"https:\/\/www.institut-myologie.org\/imotion\/#\/schema\/logo\/image\/"}}]}},"_links":{"self":[{"href":"https:\/\/www.institut-myologie.org\/imotion\/wp-json\/wp\/v2\/pages\/2302","targetHints":{"allow":["GET"]}}],"collection":[{"href":"https:\/\/www.institut-myologie.org\/imotion\/wp-json\/wp\/v2\/pages"}],"about":[{"href":"https:\/\/www.institut-myologie.org\/imotion\/wp-json\/wp\/v2\/types\/page"}],"author":[{"embeddable":true,"href":"https:\/\/www.institut-myologie.org\/imotion\/wp-json\/wp\/v2\/users\/3"}],"replies":[{"embeddable":true,"href":"https:\/\/www.institut-myologie.org\/imotion\/wp-json\/wp\/v2\/comments?post=2302"}],"version-history":[{"count":12,"href":"https:\/\/www.institut-myologie.org\/imotion\/wp-json\/wp\/v2\/pages\/2302\/revisions"}],"predecessor-version":[{"id":2326,"href":"https:\/\/www.institut-myologie.org\/imotion\/wp-json\/wp\/v2\/pages\/2302\/revisions\/2326"}],"wp:attachment":[{"href":"https:\/\/www.institut-myologie.org\/imotion\/wp-json\/wp\/v2\/media?parent=2302"}],"curies":[{"name":"wp","href":"https:\/\/api.w.org\/{rel}","templated":true}]}}