{"id":1848,"date":"2021-04-02T16:41:20","date_gmt":"2021-04-02T14:41:20","guid":{"rendered":"https:\/\/www.institut-myologie.org\/imotion\/?page_id=1848"},"modified":"2021-08-25T15:38:37","modified_gmt":"2021-08-25T13:38:37","slug":"echelle-de-bayley","status":"publish","type":"page","link":"https:\/\/www.institut-myologie.org\/imotion\/echelle-de-bayley\/","title":{"rendered":"Echelle de Bayley"},"content":{"rendered":"<p>L\u2019\u00e9chelle de Bayley \u00e9value le d\u00e9veloppement des enfants de moins de 4 ans dans cinq domaines: cognitif, langage (r\u00e9ceptif et expressif), moteur (grossier et fin), social-\u00e9motionnel et adaptatif.<\/p>\n<div class=\"entry__gallery packery row large-12\"><div class=\"col-4 entry__gallery__column\"><div class=\"entry__image column\"><div class=\"background-container\" style=\"background-image:url(https:\/\/www.institut-myologie.org\/imotion\/wp-content\/uploads\/2021\/08\/Bayley6-I-Motion-2017.jpg)\"><\/div><\/div><\/div><div class=\"col-4 entry__gallery__column\"><div class=\"entry__image column\"><div class=\"background-container\" style=\"background-image:url(https:\/\/www.institut-myologie.org\/imotion\/wp-content\/uploads\/2021\/08\/Evaluation-fonction-respiratoire-I-Motion-2017-2.jpg)\"><\/div><\/div><\/div><div class=\"col-4 entry__gallery__column\"><div class=\"entry__image column\"><div class=\"background-container\" style=\"background-image:url(https:\/\/www.institut-myologie.org\/imotion\/wp-content\/uploads\/2021\/08\/Bayley4-I-Motion-2017.jpg)\"><\/div><\/div><\/div><\/div>\n<p>L\u2019\u00e9chelle est bas\u00e9e sur l\u2019\u00e9valuation de l\u2019interaction entre l&rsquo;enfant et l&rsquo;examinateur et des observations dans une s\u00e9rie de t\u00e2ches. Elle comprend un score moteur et des scores de sous-tests de motricit\u00e9 fine et globale. Le score moteur moyen standardis\u00e9 est de 100 (SD 15), des scores inf\u00e9rieurs \u00e0 85 indiquant une d\u00e9ficience l\u00e9g\u00e8re et inf\u00e9rieurs \u00e0 70 indiquant une d\u00e9ficience mod\u00e9r\u00e9e ou s\u00e9v\u00e8re.<\/p>\n","protected":false},"excerpt":{"rendered":"<p>L\u2019\u00e9chelle de Bayley \u00e9value le d\u00e9veloppement des enfants de moins de 4 ans dans cinq domaines: cognitif, langage (r\u00e9ceptif et expressif), moteur (grossier et fin), social-\u00e9motionnel et adaptatif. L\u2019\u00e9chelle est bas\u00e9e sur l\u2019\u00e9valuation de l\u2019interaction entre l&rsquo;enfant et l&rsquo;examinateur et des observations dans une s\u00e9rie de t\u00e2ches. Elle comprend un score moteur et des scores &hellip; <a href=\"https:\/\/www.institut-myologie.org\/imotion\/echelle-de-bayley\/\">Continued<\/a><\/p>\n","protected":false},"author":3,"featured_media":0,"parent":0,"menu_order":0,"comment_status":"closed","ping_status":"closed","template":"","meta":{"_acf_changed":false,"footnotes":""},"class_list":["post-1848","page","type-page","status-publish","hentry"],"acf":[],"yoast_head":"<!-- This site is optimized with the Yoast SEO plugin v27.1.1 - https:\/\/yoast.com\/product\/yoast-seo-wordpress\/ -->\n<title>Echelle de Bayley - I-Motion<\/title>\n<meta name=\"robots\" content=\"index, follow, max-snippet:-1, max-image-preview:large, max-video-preview:-1\" \/>\n<link rel=\"canonical\" href=\"https:\/\/www.institut-myologie.org\/imotion\/echelle-de-bayley\/\" \/>\n<meta property=\"og:locale\" content=\"fr_FR\" \/>\n<meta property=\"og:type\" content=\"article\" \/>\n<meta property=\"og:title\" content=\"Echelle de Bayley - I-Motion\" \/>\n<meta property=\"og:description\" content=\"L\u2019\u00e9chelle de Bayley \u00e9value le d\u00e9veloppement des enfants de moins de 4 ans dans cinq domaines: cognitif, langage (r\u00e9ceptif et expressif), moteur (grossier et fin), social-\u00e9motionnel et adaptatif. L\u2019\u00e9chelle est bas\u00e9e sur l\u2019\u00e9valuation de l\u2019interaction entre l&rsquo;enfant et l&rsquo;examinateur et des observations dans une s\u00e9rie de t\u00e2ches. Elle comprend un score moteur et des scores &hellip; Continued\" \/>\n<meta property=\"og:url\" content=\"https:\/\/www.institut-myologie.org\/imotion\/echelle-de-bayley\/\" \/>\n<meta property=\"og:site_name\" content=\"I-Motion\" \/>\n<meta property=\"article:modified_time\" content=\"2021-08-25T13:38:37+00:00\" \/>\n<meta name=\"twitter:card\" content=\"summary_large_image\" \/>\n<meta name=\"twitter:label1\" content=\"Dur\u00e9e de lecture estim\u00e9e\" \/>\n\t<meta name=\"twitter:data1\" content=\"1 minute\" \/>\n<script type=\"application\/ld+json\" class=\"yoast-schema-graph\">{\"@context\":\"https:\/\/schema.org\",\"@graph\":[{\"@type\":\"WebPage\",\"@id\":\"https:\/\/www.institut-myologie.org\/imotion\/echelle-de-bayley\/\",\"url\":\"https:\/\/www.institut-myologie.org\/imotion\/echelle-de-bayley\/\",\"name\":\"Echelle de Bayley - I-Motion\",\"isPartOf\":{\"@id\":\"https:\/\/www.institut-myologie.org\/imotion\/#website\"},\"datePublished\":\"2021-04-02T14:41:20+00:00\",\"dateModified\":\"2021-08-25T13:38:37+00:00\",\"breadcrumb\":{\"@id\":\"https:\/\/www.institut-myologie.org\/imotion\/echelle-de-bayley\/#breadcrumb\"},\"inLanguage\":\"fr-FR\",\"potentialAction\":[{\"@type\":\"ReadAction\",\"target\":[\"https:\/\/www.institut-myologie.org\/imotion\/echelle-de-bayley\/\"]}]},{\"@type\":\"BreadcrumbList\",\"@id\":\"https:\/\/www.institut-myologie.org\/imotion\/echelle-de-bayley\/#breadcrumb\",\"itemListElement\":[{\"@type\":\"ListItem\",\"position\":1,\"name\":\"Home\",\"item\":\"https:\/\/www.institut-myologie.org\/imotion\/\"},{\"@type\":\"ListItem\",\"position\":2,\"name\":\"Echelle de Bayley\"}]},{\"@type\":\"WebSite\",\"@id\":\"https:\/\/www.institut-myologie.org\/imotion\/#website\",\"url\":\"https:\/\/www.institut-myologie.org\/imotion\/\",\"name\":\"I-Motion\",\"description\":\"Plateforme d&#039;essais cliniques p\u00e9diatriques pour les maladies neuromusculaires\",\"publisher\":{\"@id\":\"https:\/\/www.institut-myologie.org\/imotion\/#organization\"},\"potentialAction\":[{\"@type\":\"SearchAction\",\"target\":{\"@type\":\"EntryPoint\",\"urlTemplate\":\"https:\/\/www.institut-myologie.org\/imotion\/?s={search_term_string}\"},\"query-input\":{\"@type\":\"PropertyValueSpecification\",\"valueRequired\":true,\"valueName\":\"search_term_string\"}}],\"inLanguage\":\"fr-FR\"},{\"@type\":\"Organization\",\"@id\":\"https:\/\/www.institut-myologie.org\/imotion\/#organization\",\"name\":\"Institut I-Motion\",\"url\":\"https:\/\/www.institut-myologie.org\/imotion\/\",\"logo\":{\"@type\":\"ImageObject\",\"inLanguage\":\"fr-FR\",\"@id\":\"https:\/\/www.institut-myologie.org\/imotion\/#\/schema\/logo\/image\/\",\"url\":\"https:\/\/www.institut-myologie.org\/imotion\/wp-content\/uploads\/2016\/08\/logoImotion.png\",\"contentUrl\":\"https:\/\/www.institut-myologie.org\/imotion\/wp-content\/uploads\/2016\/08\/logoImotion.png\",\"width\":150,\"height\":51,\"caption\":\"Institut I-Motion\"},\"image\":{\"@id\":\"https:\/\/www.institut-myologie.org\/imotion\/#\/schema\/logo\/image\/\"}}]}<\/script>\n<!-- \/ Yoast SEO plugin. -->","yoast_head_json":{"title":"Echelle de Bayley - I-Motion","robots":{"index":"index","follow":"follow","max-snippet":"max-snippet:-1","max-image-preview":"max-image-preview:large","max-video-preview":"max-video-preview:-1"},"canonical":"https:\/\/www.institut-myologie.org\/imotion\/echelle-de-bayley\/","og_locale":"fr_FR","og_type":"article","og_title":"Echelle de Bayley - I-Motion","og_description":"L\u2019\u00e9chelle de Bayley \u00e9value le d\u00e9veloppement des enfants de moins de 4 ans dans cinq domaines: cognitif, langage (r\u00e9ceptif et expressif), moteur (grossier et fin), social-\u00e9motionnel et adaptatif. L\u2019\u00e9chelle est bas\u00e9e sur l\u2019\u00e9valuation de l\u2019interaction entre l&rsquo;enfant et l&rsquo;examinateur et des observations dans une s\u00e9rie de t\u00e2ches. Elle comprend un score moteur et des scores &hellip; Continued","og_url":"https:\/\/www.institut-myologie.org\/imotion\/echelle-de-bayley\/","og_site_name":"I-Motion","article_modified_time":"2021-08-25T13:38:37+00:00","twitter_card":"summary_large_image","twitter_misc":{"Dur\u00e9e de lecture estim\u00e9e":"1 minute"},"schema":{"@context":"https:\/\/schema.org","@graph":[{"@type":"WebPage","@id":"https:\/\/www.institut-myologie.org\/imotion\/echelle-de-bayley\/","url":"https:\/\/www.institut-myologie.org\/imotion\/echelle-de-bayley\/","name":"Echelle de Bayley - I-Motion","isPartOf":{"@id":"https:\/\/www.institut-myologie.org\/imotion\/#website"},"datePublished":"2021-04-02T14:41:20+00:00","dateModified":"2021-08-25T13:38:37+00:00","breadcrumb":{"@id":"https:\/\/www.institut-myologie.org\/imotion\/echelle-de-bayley\/#breadcrumb"},"inLanguage":"fr-FR","potentialAction":[{"@type":"ReadAction","target":["https:\/\/www.institut-myologie.org\/imotion\/echelle-de-bayley\/"]}]},{"@type":"BreadcrumbList","@id":"https:\/\/www.institut-myologie.org\/imotion\/echelle-de-bayley\/#breadcrumb","itemListElement":[{"@type":"ListItem","position":1,"name":"Home","item":"https:\/\/www.institut-myologie.org\/imotion\/"},{"@type":"ListItem","position":2,"name":"Echelle de Bayley"}]},{"@type":"WebSite","@id":"https:\/\/www.institut-myologie.org\/imotion\/#website","url":"https:\/\/www.institut-myologie.org\/imotion\/","name":"I-Motion","description":"Plateforme d&#039;essais cliniques p\u00e9diatriques pour les maladies neuromusculaires","publisher":{"@id":"https:\/\/www.institut-myologie.org\/imotion\/#organization"},"potentialAction":[{"@type":"SearchAction","target":{"@type":"EntryPoint","urlTemplate":"https:\/\/www.institut-myologie.org\/imotion\/?s={search_term_string}"},"query-input":{"@type":"PropertyValueSpecification","valueRequired":true,"valueName":"search_term_string"}}],"inLanguage":"fr-FR"},{"@type":"Organization","@id":"https:\/\/www.institut-myologie.org\/imotion\/#organization","name":"Institut I-Motion","url":"https:\/\/www.institut-myologie.org\/imotion\/","logo":{"@type":"ImageObject","inLanguage":"fr-FR","@id":"https:\/\/www.institut-myologie.org\/imotion\/#\/schema\/logo\/image\/","url":"https:\/\/www.institut-myologie.org\/imotion\/wp-content\/uploads\/2016\/08\/logoImotion.png","contentUrl":"https:\/\/www.institut-myologie.org\/imotion\/wp-content\/uploads\/2016\/08\/logoImotion.png","width":150,"height":51,"caption":"Institut I-Motion"},"image":{"@id":"https:\/\/www.institut-myologie.org\/imotion\/#\/schema\/logo\/image\/"}}]}},"_links":{"self":[{"href":"https:\/\/www.institut-myologie.org\/imotion\/wp-json\/wp\/v2\/pages\/1848","targetHints":{"allow":["GET"]}}],"collection":[{"href":"https:\/\/www.institut-myologie.org\/imotion\/wp-json\/wp\/v2\/pages"}],"about":[{"href":"https:\/\/www.institut-myologie.org\/imotion\/wp-json\/wp\/v2\/types\/page"}],"author":[{"embeddable":true,"href":"https:\/\/www.institut-myologie.org\/imotion\/wp-json\/wp\/v2\/users\/3"}],"replies":[{"embeddable":true,"href":"https:\/\/www.institut-myologie.org\/imotion\/wp-json\/wp\/v2\/comments?post=1848"}],"version-history":[{"count":3,"href":"https:\/\/www.institut-myologie.org\/imotion\/wp-json\/wp\/v2\/pages\/1848\/revisions"}],"predecessor-version":[{"id":2483,"href":"https:\/\/www.institut-myologie.org\/imotion\/wp-json\/wp\/v2\/pages\/1848\/revisions\/2483"}],"wp:attachment":[{"href":"https:\/\/www.institut-myologie.org\/imotion\/wp-json\/wp\/v2\/media?parent=1848"}],"curies":[{"name":"wp","href":"https:\/\/api.w.org\/{rel}","templated":true}]}}